{"id":4049,"date":"2025-04-09T14:48:18","date_gmt":"2025-04-09T14:48:18","guid":{"rendered":"https:\/\/homotheoreticus.com\/?page_id=4049"},"modified":"2025-07-17T14:53:43","modified_gmt":"2025-07-17T14:53:43","slug":"biblioteca","status":"publish","type":"page","link":"https:\/\/homotheoreticus.com\/index.php\/biblioteca\/","title":{"rendered":"Biblioteca de conferencias"},"content":{"rendered":"\n<p id=\"arriba\">Las conferencias est\u00e1n ordenadas por fecha de grabaci\u00f3n de la m\u00e1s reciente a la m\u00e1s antigua. Para dirigirse a una conferencia, debe hacerse click en la imagen correspondiente.<\/p>\n\n\n\n<h2 class=\"wp-block-heading\">Conferencias del 2025<\/h2>\n\n\n\n<figure class=\"wp-block-gallery has-nested-images columns-default is-cropped wp-block-gallery-1 is-layout-flex wp-block-gallery-is-layout-flex\">\n<figure class=\"wp-block-image size-large\"><a href=\"#tupungato\"><img loading=\"lazy\" decoding=\"async\" width=\"1024\" height=\"1024\" data-id=\"4551\" src=\"https:\/\/homotheoreticus.com\/wp-content\/uploads\/2025\/07\/1-2-1024x1024.jpg\" alt=\"\" class=\"wp-image-4551\" srcset=\"https:\/\/homotheoreticus.com\/wp-content\/uploads\/2025\/07\/1-2-1024x1024.jpg 1024w, https:\/\/homotheoreticus.com\/wp-content\/uploads\/2025\/07\/1-2-300x300.jpg 300w, https:\/\/homotheoreticus.com\/wp-content\/uploads\/2025\/07\/1-2-150x150.jpg 150w, https:\/\/homotheoreticus.com\/wp-content\/uploads\/2025\/07\/1-2-768x768.jpg 768w, https:\/\/homotheoreticus.com\/wp-content\/uploads\/2025\/07\/1-2.jpg 1080w\" sizes=\"auto, (max-width: 1024px) 100vw, 1024px\" \/><\/a><\/figure>\n\n\n\n<figure class=\"wp-block-image size-large\"><a href=\"#vuelta-al-cerro-penitentes\"><img loading=\"lazy\" decoding=\"async\" width=\"1024\" height=\"1024\" data-id=\"4028\" src=\"https:\/\/homotheoreticus.com\/wp-content\/uploads\/2025\/04\/1aec243d-3096-4490-8b50-20708fba38ce-1024x1024.jpeg\" alt=\"\" class=\"wp-image-4028\" srcset=\"https:\/\/homotheoreticus.com\/wp-content\/uploads\/2025\/04\/1aec243d-3096-4490-8b50-20708fba38ce-1024x1024.jpeg 1024w, https:\/\/homotheoreticus.com\/wp-content\/uploads\/2025\/04\/1aec243d-3096-4490-8b50-20708fba38ce-300x300.jpeg 300w, https:\/\/homotheoreticus.com\/wp-content\/uploads\/2025\/04\/1aec243d-3096-4490-8b50-20708fba38ce-150x150.jpeg 150w, https:\/\/homotheoreticus.com\/wp-content\/uploads\/2025\/04\/1aec243d-3096-4490-8b50-20708fba38ce-768x768.jpeg 768w, https:\/\/homotheoreticus.com\/wp-content\/uploads\/2025\/04\/1aec243d-3096-4490-8b50-20708fba38ce.jpeg 1080w\" sizes=\"auto, (max-width: 1024px) 100vw, 1024px\" \/><\/a><\/figure>\n<\/figure>\n\n\n\n<h3 class=\"wp-block-heading\">Conferencias del 2024<\/h3>\n\n\n\n<figure class=\"wp-block-gallery has-nested-images columns-2 is-cropped wp-block-gallery-2 is-layout-flex wp-block-gallery-is-layout-flex\">\n<figure class=\"wp-block-image size-large\"><a href=\"#vuelta-del-zorro\"><img loading=\"lazy\" decoding=\"async\" width=\"1024\" height=\"1024\" data-id=\"4061\" src=\"https:\/\/homotheoreticus.com\/wp-content\/uploads\/2025\/04\/1-1024x1024.jpg\" alt=\"\" class=\"wp-image-4061\" srcset=\"https:\/\/homotheoreticus.com\/wp-content\/uploads\/2025\/04\/1-1024x1024.jpg 1024w, https:\/\/homotheoreticus.com\/wp-content\/uploads\/2025\/04\/1-300x300.jpg 300w, https:\/\/homotheoreticus.com\/wp-content\/uploads\/2025\/04\/1-150x150.jpg 150w, https:\/\/homotheoreticus.com\/wp-content\/uploads\/2025\/04\/1-768x768.jpg 768w, https:\/\/homotheoreticus.com\/wp-content\/uploads\/2025\/04\/1.jpg 1080w\" sizes=\"auto, (max-width: 1024px) 100vw, 1024px\" \/><\/a><\/figure>\n\n\n\n<figure class=\"wp-block-image size-large\"><a href=\"#peninsula-mitre\"><img loading=\"lazy\" decoding=\"async\" width=\"1024\" height=\"1024\" data-id=\"4033\" src=\"https:\/\/homotheoreticus.com\/wp-content\/uploads\/2025\/04\/Peninsula-Mitre-1024x1024.jpg\" alt=\"\" class=\"wp-image-4033\" srcset=\"https:\/\/homotheoreticus.com\/wp-content\/uploads\/2025\/04\/Peninsula-Mitre-1024x1024.jpg 1024w, https:\/\/homotheoreticus.com\/wp-content\/uploads\/2025\/04\/Peninsula-Mitre-300x300.jpg 300w, https:\/\/homotheoreticus.com\/wp-content\/uploads\/2025\/04\/Peninsula-Mitre-150x150.jpg 150w, https:\/\/homotheoreticus.com\/wp-content\/uploads\/2025\/04\/Peninsula-Mitre-768x768.jpg 768w, https:\/\/homotheoreticus.com\/wp-content\/uploads\/2025\/04\/Peninsula-Mitre.jpg 1080w\" sizes=\"auto, (max-width: 1024px) 100vw, 1024px\" \/><\/a><\/figure>\n\n\n\n<figure class=\"wp-block-image size-large\"><a href=\"#travesia-cochamo\"><img loading=\"lazy\" decoding=\"async\" width=\"1024\" height=\"1024\" data-id=\"3701\" src=\"https:\/\/homotheoreticus.com\/wp-content\/uploads\/2024\/09\/Dario-Martini-Cochamo-2-1024x1024.jpg\" alt=\"\" class=\"wp-image-3701\" srcset=\"https:\/\/homotheoreticus.com\/wp-content\/uploads\/2024\/09\/Dario-Martini-Cochamo-2-1024x1024.jpg 1024w, https:\/\/homotheoreticus.com\/wp-content\/uploads\/2024\/09\/Dario-Martini-Cochamo-2-300x300.jpg 300w, https:\/\/homotheoreticus.com\/wp-content\/uploads\/2024\/09\/Dario-Martini-Cochamo-2-150x150.jpg 150w, https:\/\/homotheoreticus.com\/wp-content\/uploads\/2024\/09\/Dario-Martini-Cochamo-2-768x768.jpg 768w, https:\/\/homotheoreticus.com\/wp-content\/uploads\/2024\/09\/Dario-Martini-Cochamo-2.jpg 1080w\" sizes=\"auto, (max-width: 1024px) 100vw, 1024px\" \/><\/a><\/figure>\n\n\n\n<figure class=\"wp-block-image size-large\"><a href=\"#sierras-de-san-luis\"><img loading=\"lazy\" decoding=\"async\" width=\"1024\" height=\"1024\" data-id=\"3717\" src=\"https:\/\/homotheoreticus.com\/wp-content\/uploads\/2024\/09\/Copie-de-Pedro-Caceres-1-1-1024x1024.jpg\" alt=\"\" class=\"wp-image-3717\" srcset=\"https:\/\/homotheoreticus.com\/wp-content\/uploads\/2024\/09\/Copie-de-Pedro-Caceres-1-1-1024x1024.jpg 1024w, https:\/\/homotheoreticus.com\/wp-content\/uploads\/2024\/09\/Copie-de-Pedro-Caceres-1-1-300x300.jpg 300w, https:\/\/homotheoreticus.com\/wp-content\/uploads\/2024\/09\/Copie-de-Pedro-Caceres-1-1-150x150.jpg 150w, https:\/\/homotheoreticus.com\/wp-content\/uploads\/2024\/09\/Copie-de-Pedro-Caceres-1-1-768x768.jpg 768w, https:\/\/homotheoreticus.com\/wp-content\/uploads\/2024\/09\/Copie-de-Pedro-Caceres-1-1.jpg 1080w\" sizes=\"auto, (max-width: 1024px) 100vw, 1024px\" \/><\/a><\/figure>\n\n\n\n<figure class=\"wp-block-image size-large\"><a href=\"#del-bolson-al-lago-escondido\"><img loading=\"lazy\" decoding=\"async\" width=\"1024\" height=\"1024\" data-id=\"3696\" src=\"https:\/\/homotheoreticus.com\/wp-content\/uploads\/2024\/09\/Copie-de-SGSC-1024x1024.jpg\" alt=\"\" class=\"wp-image-3696\" srcset=\"https:\/\/homotheoreticus.com\/wp-content\/uploads\/2024\/09\/Copie-de-SGSC-1024x1024.jpg 1024w, https:\/\/homotheoreticus.com\/wp-content\/uploads\/2024\/09\/Copie-de-SGSC-300x300.jpg 300w, https:\/\/homotheoreticus.com\/wp-content\/uploads\/2024\/09\/Copie-de-SGSC-150x150.jpg 150w, https:\/\/homotheoreticus.com\/wp-content\/uploads\/2024\/09\/Copie-de-SGSC-768x768.jpg 768w, https:\/\/homotheoreticus.com\/wp-content\/uploads\/2024\/09\/Copie-de-SGSC.jpg 1080w\" sizes=\"auto, (max-width: 1024px) 100vw, 1024px\" \/><\/a><\/figure>\n\n\n\n<figure class=\"wp-block-image size-large\"><a href=\"#helsingfors-cristina\"><img loading=\"lazy\" decoding=\"async\" width=\"1024\" height=\"1024\" data-id=\"3718\" src=\"https:\/\/homotheoreticus.com\/wp-content\/uploads\/2024\/09\/Pedro-Caceres-1-1024x1024.jpg\" alt=\"\" class=\"wp-image-3718\" srcset=\"https:\/\/homotheoreticus.com\/wp-content\/uploads\/2024\/09\/Pedro-Caceres-1-1024x1024.jpg 1024w, https:\/\/homotheoreticus.com\/wp-content\/uploads\/2024\/09\/Pedro-Caceres-1-300x300.jpg 300w, https:\/\/homotheoreticus.com\/wp-content\/uploads\/2024\/09\/Pedro-Caceres-1-150x150.jpg 150w, https:\/\/homotheoreticus.com\/wp-content\/uploads\/2024\/09\/Pedro-Caceres-1-768x768.jpg 768w, https:\/\/homotheoreticus.com\/wp-content\/uploads\/2024\/09\/Pedro-Caceres-1.jpg 1080w\" sizes=\"auto, (max-width: 1024px) 100vw, 1024px\" \/><\/a><\/figure>\n\n\n\n<figure class=\"wp-block-image size-large\"><a href=\"#pct\"><img loading=\"lazy\" decoding=\"async\" width=\"1024\" height=\"1024\" data-id=\"3596\" src=\"https:\/\/homotheoreticus.com\/wp-content\/uploads\/2024\/09\/Noelia-Montiel-1024x1024.jpg\" alt=\"\" class=\"wp-image-3596\" srcset=\"https:\/\/homotheoreticus.com\/wp-content\/uploads\/2024\/09\/Noelia-Montiel-1024x1024.jpg 1024w, https:\/\/homotheoreticus.com\/wp-content\/uploads\/2024\/09\/Noelia-Montiel-300x300.jpg 300w, https:\/\/homotheoreticus.com\/wp-content\/uploads\/2024\/09\/Noelia-Montiel-150x150.jpg 150w, https:\/\/homotheoreticus.com\/wp-content\/uploads\/2024\/09\/Noelia-Montiel-768x768.jpg 768w, https:\/\/homotheoreticus.com\/wp-content\/uploads\/2024\/09\/Noelia-Montiel.jpg 1080w\" sizes=\"auto, (max-width: 1024px) 100vw, 1024px\" \/><\/a><\/figure>\n\n\n\n<figure class=\"wp-block-image size-large\"><a href=\"#sendero-gran-santa-cruz\"><img loading=\"lazy\" decoding=\"async\" width=\"1024\" height=\"1024\" data-id=\"3595\" src=\"https:\/\/homotheoreticus.com\/wp-content\/uploads\/2024\/09\/Copie-de-HA-por-Mimi-1024x1024.jpg\" alt=\"\" class=\"wp-image-3595\" srcset=\"https:\/\/homotheoreticus.com\/wp-content\/uploads\/2024\/09\/Copie-de-HA-por-Mimi-1024x1024.jpg 1024w, https:\/\/homotheoreticus.com\/wp-content\/uploads\/2024\/09\/Copie-de-HA-por-Mimi-300x300.jpg 300w, https:\/\/homotheoreticus.com\/wp-content\/uploads\/2024\/09\/Copie-de-HA-por-Mimi-150x150.jpg 150w, https:\/\/homotheoreticus.com\/wp-content\/uploads\/2024\/09\/Copie-de-HA-por-Mimi-768x768.jpg 768w, https:\/\/homotheoreticus.com\/wp-content\/uploads\/2024\/09\/Copie-de-HA-por-Mimi.jpg 1080w\" sizes=\"auto, (max-width: 1024px) 100vw, 1024px\" \/><\/a><\/figure>\n\n\n\n<figure class=\"wp-block-image size-large\"><a href=\"#mi-paso-por-la-huella-andina\"><img loading=\"lazy\" decoding=\"async\" width=\"1024\" height=\"1024\" data-id=\"4036\" src=\"https:\/\/homotheoreticus.com\/wp-content\/uploads\/2025\/04\/HA-por-Mimi-4-1024x1024.jpg\" alt=\"\" class=\"wp-image-4036\" srcset=\"https:\/\/homotheoreticus.com\/wp-content\/uploads\/2025\/04\/HA-por-Mimi-4-1024x1024.jpg 1024w, https:\/\/homotheoreticus.com\/wp-content\/uploads\/2025\/04\/HA-por-Mimi-4-300x300.jpg 300w, https:\/\/homotheoreticus.com\/wp-content\/uploads\/2025\/04\/HA-por-Mimi-4-150x150.jpg 150w, https:\/\/homotheoreticus.com\/wp-content\/uploads\/2025\/04\/HA-por-Mimi-4-768x768.jpg 768w, https:\/\/homotheoreticus.com\/wp-content\/uploads\/2025\/04\/HA-por-Mimi-4.jpg 1080w\" sizes=\"auto, (max-width: 1024px) 100vw, 1024px\" \/><\/a><\/figure>\n\n\n\n<figure class=\"wp-block-image size-large\"><a href=\"#fabricacion-outdoor\"><img loading=\"lazy\" decoding=\"async\" width=\"1024\" height=\"1024\" data-id=\"4096\" src=\"https:\/\/homotheoreticus.com\/wp-content\/uploads\/2025\/04\/charla-equipo-1024x1024.jpg\" alt=\"\" class=\"wp-image-4096\" srcset=\"https:\/\/homotheoreticus.com\/wp-content\/uploads\/2025\/04\/charla-equipo-1024x1024.jpg 1024w, https:\/\/homotheoreticus.com\/wp-content\/uploads\/2025\/04\/charla-equipo-300x300.jpg 300w, https:\/\/homotheoreticus.com\/wp-content\/uploads\/2025\/04\/charla-equipo-150x150.jpg 150w, https:\/\/homotheoreticus.com\/wp-content\/uploads\/2025\/04\/charla-equipo-768x768.jpg 768w, https:\/\/homotheoreticus.com\/wp-content\/uploads\/2025\/04\/charla-equipo.jpg 1080w\" sizes=\"auto, (max-width: 1024px) 100vw, 1024px\" \/><\/a><\/figure>\n\n\n\n<figure class=\"wp-block-image size-large\"><a href=\"#travesia-rio-enga\u00f1o\"><img loading=\"lazy\" decoding=\"async\" width=\"1024\" height=\"1024\" data-id=\"4031\" src=\"https:\/\/homotheoreticus.com\/wp-content\/uploads\/2025\/04\/Reserva-Rio-Engano-1024x1024.jpg\" alt=\"\" class=\"wp-image-4031\" srcset=\"https:\/\/homotheoreticus.com\/wp-content\/uploads\/2025\/04\/Reserva-Rio-Engano-1024x1024.jpg 1024w, https:\/\/homotheoreticus.com\/wp-content\/uploads\/2025\/04\/Reserva-Rio-Engano-300x300.jpg 300w, https:\/\/homotheoreticus.com\/wp-content\/uploads\/2025\/04\/Reserva-Rio-Engano-150x150.jpg 150w, https:\/\/homotheoreticus.com\/wp-content\/uploads\/2025\/04\/Reserva-Rio-Engano-768x768.jpg 768w, https:\/\/homotheoreticus.com\/wp-content\/uploads\/2025\/04\/Reserva-Rio-Engano.jpg 1080w\" sizes=\"auto, (max-width: 1024px) 100vw, 1024px\" \/><\/a><\/figure>\n\n\n\n<figure class=\"wp-block-image size-large\"><a href=\"#equipo-de-tenkara\"><img loading=\"lazy\" decoding=\"async\" width=\"1024\" height=\"1024\" data-id=\"3308\" src=\"https:\/\/homotheoreticus.com\/wp-content\/uploads\/2024\/06\/Copie-de-GPT-1024x1024.jpg\" alt=\"\" class=\"wp-image-3308\" srcset=\"https:\/\/homotheoreticus.com\/wp-content\/uploads\/2024\/06\/Copie-de-GPT-1024x1024.jpg 1024w, https:\/\/homotheoreticus.com\/wp-content\/uploads\/2024\/06\/Copie-de-GPT-300x300.jpg 300w, https:\/\/homotheoreticus.com\/wp-content\/uploads\/2024\/06\/Copie-de-GPT-150x150.jpg 150w, https:\/\/homotheoreticus.com\/wp-content\/uploads\/2024\/06\/Copie-de-GPT-768x768.jpg 768w, https:\/\/homotheoreticus.com\/wp-content\/uploads\/2024\/06\/Copie-de-GPT-250x250.jpg 250w, https:\/\/homotheoreticus.com\/wp-content\/uploads\/2024\/06\/Copie-de-GPT.jpg 1080w\" sizes=\"auto, (max-width: 1024px) 100vw, 1024px\" \/><\/a><\/figure>\n\n\n\n<figure class=\"wp-block-image size-large\"><a href=\"#greater-patagonian-trail\"><img loading=\"lazy\" decoding=\"async\" width=\"1024\" height=\"1024\" data-id=\"4032\" src=\"https:\/\/homotheoreticus.com\/wp-content\/uploads\/2025\/04\/GPT-1-1024x1024.jpg\" alt=\"\" class=\"wp-image-4032\" srcset=\"https:\/\/homotheoreticus.com\/wp-content\/uploads\/2025\/04\/GPT-1-1024x1024.jpg 1024w, https:\/\/homotheoreticus.com\/wp-content\/uploads\/2025\/04\/GPT-1-300x300.jpg 300w, https:\/\/homotheoreticus.com\/wp-content\/uploads\/2025\/04\/GPT-1-150x150.jpg 150w, https:\/\/homotheoreticus.com\/wp-content\/uploads\/2025\/04\/GPT-1-768x768.jpg 768w, https:\/\/homotheoreticus.com\/wp-content\/uploads\/2025\/04\/GPT-1.jpg 1080w\" sizes=\"auto, (max-width: 1024px) 100vw, 1024px\" \/><\/a><\/figure>\n\n\n\n<figure class=\"wp-block-image size-large\"><a href=\"#sierras-de-cordoba\"><img loading=\"lazy\" decoding=\"async\" width=\"1024\" height=\"1011\" data-id=\"4097\" src=\"https:\/\/homotheoreticus.com\/wp-content\/uploads\/2025\/04\/IMG_C6D265EDD230-1-1024x1011.jpeg\" alt=\"\" class=\"wp-image-4097\" srcset=\"https:\/\/homotheoreticus.com\/wp-content\/uploads\/2025\/04\/IMG_C6D265EDD230-1-1024x1011.jpeg 1024w, https:\/\/homotheoreticus.com\/wp-content\/uploads\/2025\/04\/IMG_C6D265EDD230-1-300x296.jpeg 300w, https:\/\/homotheoreticus.com\/wp-content\/uploads\/2025\/04\/IMG_C6D265EDD230-1-768x758.jpeg 768w, https:\/\/homotheoreticus.com\/wp-content\/uploads\/2025\/04\/IMG_C6D265EDD230-1-304x300.jpeg 304w, https:\/\/homotheoreticus.com\/wp-content\/uploads\/2025\/04\/IMG_C6D265EDD230-1.jpeg 1125w\" sizes=\"auto, (max-width: 1024px) 100vw, 1024px\" \/><\/a><\/figure>\n\n\n\n<figure class=\"wp-block-image size-large\"><a href=\"#tenkara\"><img loading=\"lazy\" decoding=\"async\" width=\"1024\" height=\"1024\" data-id=\"2693\" src=\"https:\/\/homotheoreticus.com\/wp-content\/uploads\/2024\/06\/TENKARA-1024x1024.png\" alt=\"\" class=\"wp-image-2693\" srcset=\"https:\/\/homotheoreticus.com\/wp-content\/uploads\/2024\/06\/TENKARA-1024x1024.png 1024w, https:\/\/homotheoreticus.com\/wp-content\/uploads\/2024\/06\/TENKARA-300x300.png 300w, https:\/\/homotheoreticus.com\/wp-content\/uploads\/2024\/06\/TENKARA-150x150.png 150w, https:\/\/homotheoreticus.com\/wp-content\/uploads\/2024\/06\/TENKARA-768x768.png 768w, https:\/\/homotheoreticus.com\/wp-content\/uploads\/2024\/06\/TENKARA-250x250.png 250w, https:\/\/homotheoreticus.com\/wp-content\/uploads\/2024\/06\/TENKARA.png 1080w\" sizes=\"auto, (max-width: 1024px) 100vw, 1024px\" \/><\/a><\/figure>\n<\/figure>\n\n\n\n<h3 class=\"wp-block-heading\">Conferencias del 2023<\/h3>\n\n\n\n<figure class=\"wp-block-gallery has-nested-images columns-default is-cropped wp-block-gallery-3 is-layout-flex wp-block-gallery-is-layout-flex\">\n<figure class=\"wp-block-image size-large\"><img loading=\"lazy\" decoding=\"async\" width=\"1024\" height=\"1012\" data-id=\"4035\" src=\"https:\/\/homotheoreticus.com\/wp-content\/uploads\/2025\/04\/IMG_43DA928D4D1E-1-1024x1012.jpeg\" alt=\"\" class=\"wp-image-4035\" srcset=\"https:\/\/homotheoreticus.com\/wp-content\/uploads\/2025\/04\/IMG_43DA928D4D1E-1-1024x1012.jpeg 1024w, https:\/\/homotheoreticus.com\/wp-content\/uploads\/2025\/04\/IMG_43DA928D4D1E-1-300x297.jpeg 300w, https:\/\/homotheoreticus.com\/wp-content\/uploads\/2025\/04\/IMG_43DA928D4D1E-1-768x759.jpeg 768w, https:\/\/homotheoreticus.com\/wp-content\/uploads\/2025\/04\/IMG_43DA928D4D1E-1-304x300.jpeg 304w, https:\/\/homotheoreticus.com\/wp-content\/uploads\/2025\/04\/IMG_43DA928D4D1E-1.jpeg 1125w\" sizes=\"auto, (max-width: 1024px) 100vw, 1024px\" \/><\/figure>\n\n\n\n<figure class=\"wp-block-image size-large\"><a href=\"#senderismo-ultra-liviano\"><img loading=\"lazy\" decoding=\"async\" width=\"1024\" height=\"1022\" data-id=\"4034\" src=\"https:\/\/homotheoreticus.com\/wp-content\/uploads\/2025\/04\/IMG_592F1E52267D-1-1024x1022.jpeg\" alt=\"\" class=\"wp-image-4034\" srcset=\"https:\/\/homotheoreticus.com\/wp-content\/uploads\/2025\/04\/IMG_592F1E52267D-1-1024x1022.jpeg 1024w, https:\/\/homotheoreticus.com\/wp-content\/uploads\/2025\/04\/IMG_592F1E52267D-1-300x300.jpeg 300w, https:\/\/homotheoreticus.com\/wp-content\/uploads\/2025\/04\/IMG_592F1E52267D-1-150x150.jpeg 150w, https:\/\/homotheoreticus.com\/wp-content\/uploads\/2025\/04\/IMG_592F1E52267D-1-768x767.jpeg 768w, https:\/\/homotheoreticus.com\/wp-content\/uploads\/2025\/04\/IMG_592F1E52267D-1-301x300.jpeg 301w, https:\/\/homotheoreticus.com\/wp-content\/uploads\/2025\/04\/IMG_592F1E52267D-1.jpeg 1125w\" sizes=\"auto, (max-width: 1024px) 100vw, 1024px\" \/><\/a><\/figure>\n<\/figure>\n\n\n\n<h4 class=\"wp-block-heading\">Conferencias subidas por orden m\u00e1s reciente<\/h4>\n\n\n\n<h2 class=\"wp-block-heading\">2025<\/h2>\n\n\n\n<h3 class=\"wp-block-heading\" id=\"tupungato\">Conferencia: expedici\u00f3n al Volc\u00e1n Tupungato<\/h3>\n\n\n\n<p>En esta oportunidad, Federico Medici nos va a relatar su experiencia realizando una traves\u00eda autosuficiente de 9 d\u00edas hasta alcanzar la cumbre del Volc\u00e1n Tupungato (6570 msnm). <\/p>\n\n\n\n<figure class=\"wp-block-embed is-type-video is-provider-youtube wp-block-embed-youtube wp-embed-aspect-16-9 wp-has-aspect-ratio\"><div class=\"wp-block-embed__wrapper\">\n<iframe loading=\"lazy\" title=\"Charla: Expedici\u00f3n al Volc\u00e1n Tupungato\" width=\"1041\" height=\"586\" src=\"https:\/\/www.youtube.com\/embed\/Fax6scAMikw?feature=oembed\" frameborder=\"0\" allow=\"accelerometer; autoplay; clipboard-write; encrypted-media; gyroscope; picture-in-picture; web-share\" referrerpolicy=\"strict-origin-when-cross-origin\" allowfullscreen><\/iframe>\n<\/div><\/figure>\n\n\n\n<div class=\"wp-block-buttons is-layout-flex wp-block-buttons-is-layout-flex\">\n<div class=\"wp-block-button\"><a class=\"wp-block-button__link wp-element-button\" href=\"#arriba\">Volver al inicio<\/a><\/div>\n<\/div>\n\n\n\n<h4 class=\"wp-block-heading\" id=\"vuelta-al-cerro-penitentes\">Conferencia: Vuelta al Cerro Penitentes<\/h4>\n\n\n\n<p>En esta oportunidad, Remigio Domato va a compartirnos su experiencia realizando esta traves\u00eda de monta\u00f1a en dos oportunidades: una en temporada de verano y otra en invierno. Los inscriptos podr\u00e1n ver la conferencia y realizar preguntas en vivo.<\/p>\n\n\n\n<figure class=\"wp-block-embed is-type-video is-provider-youtube wp-block-embed-youtube wp-embed-aspect-16-9 wp-has-aspect-ratio\"><div class=\"wp-block-embed__wrapper\">\n<iframe loading=\"lazy\" title=\"Charla: Vuelta al Cerro Penitentes (por Remigio Domato)\" width=\"1041\" height=\"586\" src=\"https:\/\/www.youtube.com\/embed\/guyEFaJAGUg?feature=oembed\" frameborder=\"0\" allow=\"accelerometer; autoplay; clipboard-write; encrypted-media; gyroscope; picture-in-picture; web-share\" referrerpolicy=\"strict-origin-when-cross-origin\" allowfullscreen><\/iframe>\n<\/div><\/figure>\n\n\n\n<div class=\"wp-block-buttons is-layout-flex wp-block-buttons-is-layout-flex\">\n<div class=\"wp-block-button\"><a class=\"wp-block-button__link wp-element-button\" href=\"#arriba\">Volver al inicio<\/a><\/div>\n<\/div>\n\n\n\n<h2 class=\"wp-block-heading\">2024<\/h2>\n\n\n\n<h3 class=\"wp-block-heading\" id=\"vuelta-del-zorro\">Vuelta del Zorro: de la estepa al Oc\u00e9ano Pac\u00edfico<\/h3>\n\n\n\n<p>En esta oportunidad, Mart\u00edn Lizondo va a relatar su experiencia conectando senderos a pie a trav\u00e9s de varios pasos de monta\u00f1a entre Argentina y Chile. El recorrido, de m\u00e1s de 400 kil\u00f3metros, inicia en las inmediaciones del aeropuerto de Bariloche, pasa por el Estuario de Reloncav\u00ed, en Chile, y termina en el Cerro Roca del Tiempo, en las inmediaciones de Lago Puelo, Argentina.<\/p>\n\n\n\n<figure class=\"wp-block-embed is-type-video is-provider-youtube wp-block-embed-youtube wp-embed-aspect-16-9 wp-has-aspect-ratio\"><div class=\"wp-block-embed__wrapper\">\n<iframe loading=\"lazy\" title=\"Vuelta del Zorro: de la estepa patag\u00f3nica al Oc\u00e9ano Pac\u00edfico (por Mart\u00edn Lizondo)\" width=\"1041\" height=\"586\" src=\"https:\/\/www.youtube.com\/embed\/Zaw7Kea2YXE?feature=oembed\" frameborder=\"0\" allow=\"accelerometer; autoplay; clipboard-write; encrypted-media; gyroscope; picture-in-picture; web-share\" referrerpolicy=\"strict-origin-when-cross-origin\" allowfullscreen><\/iframe>\n<\/div><\/figure>\n\n\n\n<div class=\"wp-block-buttons is-layout-flex wp-block-buttons-is-layout-flex\">\n<div class=\"wp-block-button\"><a class=\"wp-block-button__link wp-element-button\" href=\"#arriba\">Volver al inicio<\/a><\/div>\n<\/div>\n\n\n\n<h4 class=\"wp-block-heading\" id=\"peninsula-mitre\">Pen\u00ednsula Mitre: una expedici\u00f3n al Fin de la Tierra (por Federico Gargiulo)<\/h4>\n\n\n\n<p>Federico Gargiulo es autor de varios libros en los que narra sus experiencias recorriendo la Pen\u00ednsula Mitre en el extremo Este de la Isla de Tierra del Fuego.&nbsp;<\/p>\n\n\n\n<figure class=\"wp-block-embed is-type-video is-provider-youtube wp-block-embed-youtube wp-embed-aspect-16-9 wp-has-aspect-ratio\"><div class=\"wp-block-embed__wrapper\">\n<iframe loading=\"lazy\" title=\"Peni\u0301nsula Mitre (entrevista a Federico Gargiulo)\" width=\"1041\" height=\"586\" src=\"https:\/\/www.youtube.com\/embed\/Kq1Ka2CEyzk?feature=oembed\" frameborder=\"0\" allow=\"accelerometer; autoplay; clipboard-write; encrypted-media; gyroscope; picture-in-picture; web-share\" referrerpolicy=\"strict-origin-when-cross-origin\" allowfullscreen><\/iframe>\n<\/div><\/figure>\n\n\n\n<div class=\"wp-block-buttons is-layout-flex wp-block-buttons-is-layout-flex\">\n<div class=\"wp-block-button\"><a class=\"wp-block-button__link wp-element-button\" href=\"#arriba\">Volver al inicio<\/a><\/div>\n<\/div>\n\n\n\n<h4 class=\"wp-block-heading\" id=\"travesia-cochamo\">Traves\u00eda Cochamo: una vuelta por los Pasos Vuriloche y El Le\u00f3n<\/h4>\n\n\n\n<p>En esta conferencia Dar\u00edo Martini va a relatarnos su experiencia recorriendo cruzando la cordillera por pasos selv\u00e1ticos de monta\u00f1a bajo la modalidad de trekking y pesca con tenkara.<\/p>\n\n\n\n<figure class=\"wp-block-embed is-type-video is-provider-youtube wp-block-embed-youtube wp-embed-aspect-16-9 wp-has-aspect-ratio\"><div class=\"wp-block-embed__wrapper\">\n<iframe loading=\"lazy\" title=\"Travesi\u0301a Cochamo\u0301 (por Dar\u00edo Martini)\" width=\"1041\" height=\"586\" src=\"https:\/\/www.youtube.com\/embed\/ABA_7ZdUIW4?feature=oembed\" frameborder=\"0\" allow=\"accelerometer; autoplay; clipboard-write; encrypted-media; gyroscope; picture-in-picture; web-share\" referrerpolicy=\"strict-origin-when-cross-origin\" allowfullscreen><\/iframe>\n<\/div><\/figure>\n\n\n\n<div class=\"wp-block-buttons is-layout-flex wp-block-buttons-is-layout-flex\">\n<div class=\"wp-block-button\"><a class=\"wp-block-button__link wp-element-button\" href=\"#arriba\">Volver al inicio<\/a><\/div>\n<\/div>\n\n\n\n<h4 class=\"wp-block-heading\" id=\"del-bolson-al-lago-escondido\">Del Bols\u00f3n al Lago Escondido<\/h4>\n\n\n\n<p>En esta oportunidad Remigio Domato va a relatarnos su experiencia recorriendo el circuito integral de refugios del Bols\u00f3n hasta llegar a la no tan conocida senda al Lago Escondido.<\/p>\n\n\n\n<figure class=\"wp-block-embed is-type-video is-provider-youtube wp-block-embed-youtube wp-embed-aspect-16-9 wp-has-aspect-ratio\"><div class=\"wp-block-embed__wrapper\">\n<iframe loading=\"lazy\" title=\"Del Bols\u00f3n al Lago Escondido (conferencia de Remigio Domato)\" width=\"1041\" height=\"586\" src=\"https:\/\/www.youtube.com\/embed\/PIlYDnFpbXY?feature=oembed\" frameborder=\"0\" allow=\"accelerometer; autoplay; clipboard-write; encrypted-media; gyroscope; picture-in-picture; web-share\" referrerpolicy=\"strict-origin-when-cross-origin\" allowfullscreen><\/iframe>\n<\/div><\/figure>\n\n\n\n<div class=\"wp-block-buttons is-layout-flex wp-block-buttons-is-layout-flex\">\n<div class=\"wp-block-button\"><a class=\"wp-block-button__link wp-element-button\" href=\"#arriba\">Volver al inicio<\/a><\/div>\n<\/div>\n\n\n\n<h4 class=\"wp-block-heading\" id=\"sierras-de-san-luis\">Sierras de San Luis: traves\u00eda integral<\/h4>\n\n\n\n<p>En esta oportunidad, Mart\u00edn Lizondo va a relatar su experiencia recorriendo de sur a norte las Sierras de San Luis. La traves\u00eda conecta la localidad de Potrero de los Funes con Quines a lo largo de 200 kil\u00f3metros.<\/p>\n\n\n\n<figure class=\"wp-block-embed is-type-video is-provider-youtube wp-block-embed-youtube wp-embed-aspect-16-9 wp-has-aspect-ratio\"><div class=\"wp-block-embed__wrapper\">\n<iframe loading=\"lazy\" title=\"San Luis: traves\u00eda integral (conferencia de Mart\u00edn Lizondo)\" width=\"1041\" height=\"586\" src=\"https:\/\/www.youtube.com\/embed\/XrH8sp6hysc?feature=oembed\" frameborder=\"0\" allow=\"accelerometer; autoplay; clipboard-write; encrypted-media; gyroscope; picture-in-picture; web-share\" referrerpolicy=\"strict-origin-when-cross-origin\" allowfullscreen><\/iframe>\n<\/div><\/figure>\n\n\n\n<div class=\"wp-block-buttons is-layout-flex wp-block-buttons-is-layout-flex\">\n<div class=\"wp-block-button\"><a class=\"wp-block-button__link wp-element-button\" href=\"#arriba\">Volver al inicio<\/a><\/div>\n<\/div>\n\n\n\n<h4 class=\"wp-block-heading\" id=\"helsingfors-cristina\">Zona Centro del Parque Nacional Los Glaciares<\/h4>\n\n\n\n<p>En esta conferencia, Pedro Acosta C\u00e1ceres nos va a contar su experiencia como gu\u00eda de monta\u00f1a en la traves\u00eda Helsingford \u2013 Cristina, que transcurre en una zona poco conocida y pr\u00e1cticamente despoblada del Parque Nacional Los Glaciares, Santa Cruz.<\/p>\n\n\n\n<figure class=\"wp-block-embed is-type-video is-provider-youtube wp-block-embed-youtube wp-embed-aspect-16-9 wp-has-aspect-ratio\"><div class=\"wp-block-embed__wrapper\">\n<iframe loading=\"lazy\" title=\"Zona Centro del Parque Nacional Los Glaciares (conferencia de Pedro Acosta C\u00e1ceres)\" width=\"1041\" height=\"586\" src=\"https:\/\/www.youtube.com\/embed\/xFxnJbZ0qDk?feature=oembed\" frameborder=\"0\" allow=\"accelerometer; autoplay; clipboard-write; encrypted-media; gyroscope; picture-in-picture; web-share\" referrerpolicy=\"strict-origin-when-cross-origin\" allowfullscreen><\/iframe>\n<\/div><\/figure>\n\n\n\n<div class=\"wp-block-buttons is-layout-flex wp-block-buttons-is-layout-flex\">\n<div class=\"wp-block-button\"><a class=\"wp-block-button__link wp-element-button\" href=\"#arriba\">Volver al inicio<\/a><\/div>\n<\/div>\n\n\n\n<h2 class=\"wp-block-heading\" id=\"pct\">Una argentina en el Pacific Crest Trail (por Noelia Montiel)<\/h2>\n\n\n\n<p>En esta oportunidad, Noelia Montiel nos va a relatar su experiencia en el sendero de largo recorrido de EEUU conocido como Pacific Crest Trail. Es de las pocas personas de Argentina que practican senderismo en el pa\u00eds del norte, con lo cual su aporte representa un intercambio cultural de gran importancia. Su experiencia caminando m\u00e1s de 4.000 km es verdaderamente enriquecedora para poder tomar ideas y dar un mayor impulso al senderismo de nuestro pa\u00eds.<\/p>\n\n\n\n<figure class=\"wp-block-embed is-type-video is-provider-youtube wp-block-embed-youtube wp-embed-aspect-16-9 wp-has-aspect-ratio\"><div class=\"wp-block-embed__wrapper\">\n<iframe loading=\"lazy\" title=\"Una argentina en el PCT\" width=\"1041\" height=\"586\" src=\"https:\/\/www.youtube.com\/embed\/sIkVMRD6IT4?feature=oembed\" frameborder=\"0\" allow=\"accelerometer; autoplay; clipboard-write; encrypted-media; gyroscope; picture-in-picture; web-share\" referrerpolicy=\"strict-origin-when-cross-origin\" allowfullscreen><\/iframe>\n<\/div><\/figure>\n\n\n\n<div class=\"wp-block-buttons is-layout-flex wp-block-buttons-is-layout-flex\">\n<div class=\"wp-block-button\"><a class=\"wp-block-button__link wp-element-button\" href=\"#arriba\">Volver al inicio<\/a><\/div>\n<\/div>\n\n\n\n<h2 class=\"wp-block-heading\" id=\"sendero-gran-santa-cruz\">Sendero Gran Santa Cruz (por Federico Djerodjian)<\/h2>\n\n\n\n<p>En esta conferencia, Federico Djeordjian relatar\u00e1 su experiencia dise\u00f1ando y recorriendo el Sendero Gran Santa Cruz, una ruta de trekking de aprox. 800 km que une la Estancia Ascenci\u00f3n, cerca de los Antiguos, con la localidad del Chalt\u00e9n. La misma atraviesa la meseta del Lago Buenos Aires y varios valles glaciares de la provincia de Santa Cruz.<\/p>\n\n\n\n<figure class=\"wp-block-embed is-type-video is-provider-youtube wp-block-embed-youtube wp-embed-aspect-16-9 wp-has-aspect-ratio\"><div class=\"wp-block-embed__wrapper\">\n<iframe loading=\"lazy\" title=\"Sendero Gran Santa Cruz (charla de Federico Djeordjian)\" width=\"1041\" height=\"586\" src=\"https:\/\/www.youtube.com\/embed\/wTPtSvZMiyY?feature=oembed\" frameborder=\"0\" allow=\"accelerometer; autoplay; clipboard-write; encrypted-media; gyroscope; picture-in-picture; web-share\" referrerpolicy=\"strict-origin-when-cross-origin\" allowfullscreen><\/iframe>\n<\/div><\/figure>\n\n\n\n<div class=\"wp-block-buttons is-layout-flex wp-block-buttons-is-layout-flex\">\n<div class=\"wp-block-button\"><a class=\"wp-block-button__link wp-element-button\" href=\"#arriba\">Volver al inicio<\/a><\/div>\n<\/div>\n\n\n\n<h2 class=\"wp-block-heading\" id=\"mi-paso-por-la-huella-andina\">Mi paso por la Huella Andina (por Miriam Ruffolo)<\/h2>\n\n\n\n<p>Miriam Ruffolo es la \u00faltima persona en recorrer la Huella Andina de manera integral en una sola temporada. En esta oportunidad nos relata su experiencia con muchas an\u00e9cdotas divertidas y alienta a la comunidad de senderistas a mantener vivo el esp\u00edritu de la Huella Andina.<\/p>\n\n\n\n<figure class=\"wp-block-embed is-type-video is-provider-youtube wp-block-embed-youtube wp-embed-aspect-16-9 wp-has-aspect-ratio\"><div class=\"wp-block-embed__wrapper\">\n<iframe loading=\"lazy\" title=\"Conferencia &quot;Mi Paso por la Huella Andina&quot; con Miriam Ruffolo\" width=\"1041\" height=\"586\" src=\"https:\/\/www.youtube.com\/embed\/SF-1WPMC8RM?feature=oembed\" frameborder=\"0\" allow=\"accelerometer; autoplay; clipboard-write; encrypted-media; gyroscope; picture-in-picture; web-share\" referrerpolicy=\"strict-origin-when-cross-origin\" allowfullscreen><\/iframe>\n<\/div><\/figure>\n\n\n\n<div class=\"wp-block-buttons is-layout-flex wp-block-buttons-is-layout-flex\">\n<div class=\"wp-block-button\"><a class=\"wp-block-button__link wp-element-button\" href=\"#arriba\">Volver al inicio<\/a><\/div>\n<\/div>\n\n\n\n<h2 class=\"wp-block-heading\" id=\"fabricacion-outdoor\">Fabricaci\u00f3n de equipo outdoor (por Mart\u00edn Lizondo)<\/h2>\n\n\n\n<p>Esta conferencia fue la charla inicial para la tercera edici\u00f3n del curso \u00abFabricaci\u00f3n de equipo outdoor\u00bb a dictarse durante el mes de Septiembre de 2024 en conjunto con la Federaci\u00f3n Andinistas Argentinos.<\/p>\n\n\n\n<figure class=\"wp-block-embed is-type-video is-provider-youtube wp-block-embed-youtube wp-embed-aspect-16-9 wp-has-aspect-ratio\"><div class=\"wp-block-embed__wrapper\">\nhttps:\/\/youtu.be\/ZNFmoL9QCPM\n<\/div><\/figure>\n\n\n\n<div class=\"wp-block-buttons is-layout-flex wp-block-buttons-is-layout-flex\">\n<div class=\"wp-block-button\"><a class=\"wp-block-button__link wp-element-button\" href=\"#arriba\">Volver al inicio<\/a><\/div>\n<\/div>\n\n\n\n<h2 class=\"wp-block-heading\" id=\"rio-enga\u00f1o\">Traves\u00eda R\u00edo Enga\u00f1o (por Mart\u00edn Lizondo)<\/h2>\n\n\n\n<p>En esta charla Mart\u00edn Lizondo ofrece un panorama geogr\u00e1fico e hist\u00f3rico resumido de la recientemente creada Reserva R\u00edo Enga\u00f1o, proponiendo una ruta de monta\u00f1a para senderismo que la recorre integralmente de norte a sur.<\/p>\n\n\n\n<figure class=\"wp-block-embed is-type-video is-provider-youtube wp-block-embed-youtube wp-embed-aspect-16-9 wp-has-aspect-ratio\"><div class=\"wp-block-embed__wrapper\">\n<iframe loading=\"lazy\" title=\"Travesi\u0301a Ri\u0301o Engan\u0303o\" width=\"1041\" height=\"586\" src=\"https:\/\/www.youtube.com\/embed\/zF1h-Hdb_IA?feature=oembed\" frameborder=\"0\" allow=\"accelerometer; autoplay; clipboard-write; encrypted-media; gyroscope; picture-in-picture; web-share\" referrerpolicy=\"strict-origin-when-cross-origin\" allowfullscreen><\/iframe>\n<\/div><\/figure>\n\n\n\n<div class=\"wp-block-buttons is-layout-flex wp-block-buttons-is-layout-flex\">\n<div class=\"wp-block-button\"><a class=\"wp-block-button__link wp-element-button\" href=\"#arriba\">Volver al inicio<\/a><\/div>\n<\/div>\n\n\n\n<h2 class=\"wp-block-heading\" id=\"equipo-de-tenkara\">Equipo de Tenkara (con Dar\u00edo Martini)<\/h2>\n\n\n\n<p>En esta oportunidad, Dar\u00edo Martini con Mart\u00edn Lizondo hablan de las distintas piezas de equipo que se necesitan para pescar con la modalidad de Tenkara.<\/p>\n\n\n\n<figure class=\"wp-block-embed is-type-video is-provider-youtube wp-block-embed-youtube wp-embed-aspect-16-9 wp-has-aspect-ratio\"><div class=\"wp-block-embed__wrapper\">\n<iframe loading=\"lazy\" title=\"Equipo de Tenkara con Dar\u00edo Martini (@tenkarasur)\" width=\"1041\" height=\"586\" src=\"https:\/\/www.youtube.com\/embed\/kRpghO2BhQU?feature=oembed\" frameborder=\"0\" allow=\"accelerometer; autoplay; clipboard-write; encrypted-media; gyroscope; picture-in-picture; web-share\" referrerpolicy=\"strict-origin-when-cross-origin\" allowfullscreen><\/iframe>\n<\/div><\/figure>\n\n\n\n<div class=\"wp-block-buttons is-layout-flex wp-block-buttons-is-layout-flex\">\n<div class=\"wp-block-button\"><a class=\"wp-block-button__link wp-element-button\" href=\"#arriba\">Volver al inicio<\/a><\/div>\n<\/div>\n\n\n\n<h4 class=\"wp-block-heading\" id=\"greater-patagonian-trail\">Greater Patagonian Trail (con Jan Dudeck)<\/h4>\n\n\n\n<p>Jan Dudeck es un ingeniero alem\u00e1n, aficionado al trekking de exploraci\u00f3n en modalidad de packrafting. Hace a\u00f1os viene dedic\u00e1ndose a la creaci\u00f3n del Greater Patagonian Trail, una inmensa red de rutas de senderismo en la Cordillera de Argentina y Chile. <\/p>\n\n\n\n<figure class=\"wp-block-embed is-type-video is-provider-youtube wp-block-embed-youtube wp-embed-aspect-16-9 wp-has-aspect-ratio\"><div class=\"wp-block-embed__wrapper\">\n<iframe loading=\"lazy\" title=\"Introducci\u00f3n al Greater Patagonian Trail con Jan Dudeck\" width=\"1041\" height=\"586\" src=\"https:\/\/www.youtube.com\/embed\/1kL_R_kqmJA?feature=oembed\" frameborder=\"0\" allow=\"accelerometer; autoplay; clipboard-write; encrypted-media; gyroscope; picture-in-picture; web-share\" referrerpolicy=\"strict-origin-when-cross-origin\" allowfullscreen><\/iframe>\n<\/div><\/figure>\n\n\n\n<div class=\"wp-block-buttons is-layout-flex wp-block-buttons-is-layout-flex\">\n<div class=\"wp-block-button\"><a class=\"wp-block-button__link wp-element-button\" href=\"#arriba\">Volver al inicio<\/a><\/div>\n<\/div>\n\n\n\n<h4 class=\"wp-block-heading\" id=\"sierras-de-cordoba\">Traves\u00eda integral de Sierras Grandes de C\u00f3rdoba (con Remigio Domato)<\/h4>\n\n\n\n<p>En esta oportunidad, Remigio nos relata su experiencia recorriendo las Sierras Grandes de C\u00f3rdoba de manera integral en dos semanas de caminata en forma totalmente autosuficiente. Se trata de una haza\u00f1a realizada por muy pocos.<\/p>\n\n\n\n<figure class=\"wp-block-embed is-type-video is-provider-youtube wp-block-embed-youtube wp-embed-aspect-16-9 wp-has-aspect-ratio\"><div class=\"wp-block-embed__wrapper\">\n<iframe loading=\"lazy\" title=\"Travesi\u0301a integral Sierras Grandes de Co\u0301rdoba con Remigio Domato\" width=\"1041\" height=\"586\" src=\"https:\/\/www.youtube.com\/embed\/_KIVuon-3oc?feature=oembed\" frameborder=\"0\" allow=\"accelerometer; autoplay; clipboard-write; encrypted-media; gyroscope; picture-in-picture; web-share\" referrerpolicy=\"strict-origin-when-cross-origin\" allowfullscreen><\/iframe>\n<\/div><\/figure>\n\n\n\n<div class=\"wp-block-buttons is-layout-flex wp-block-buttons-is-layout-flex\">\n<div class=\"wp-block-button\"><a class=\"wp-block-button__link wp-element-button\" href=\"#arriba\">Volver al inicio<\/a><\/div>\n<\/div>\n\n\n\n<h4 class=\"wp-block-heading\" id=\"tenkara\">Tenkara (con Dar\u00edo Martini)<\/h4>\n\n\n\n<p>En la primera charla dada el 24 de Junio de 2024, Dar\u00edo Martini expone las principales caracter\u00edsticas a tener en cuenta con la modalidad de pesca de Tenkara. Se trata de un m\u00e9todo de pesca muy prometedor y novedoso para nuestro pa\u00eds. Adem\u00e1s de su gran efectividad, es una compa\u00f1\u00eda perfecta para el senderismo ultra liviano. La misma puede verse en el canal de Youtube de Mart\u00edn Lizondo.<\/p>\n\n\n\n<figure class=\"wp-block-embed is-type-video is-provider-youtube wp-block-embed-youtube wp-embed-aspect-16-9 wp-has-aspect-ratio\"><div class=\"wp-block-embed__wrapper\">\n<iframe loading=\"lazy\" title=\"Tenkara con Dar\u00edo Martini\" width=\"1041\" height=\"586\" src=\"https:\/\/www.youtube.com\/embed\/SYZ6hWQeqro?feature=oembed\" frameborder=\"0\" allow=\"accelerometer; autoplay; clipboard-write; encrypted-media; gyroscope; picture-in-picture; web-share\" referrerpolicy=\"strict-origin-when-cross-origin\" allowfullscreen><\/iframe>\n<\/div><\/figure>\n\n\n\n<div class=\"wp-block-buttons is-layout-flex wp-block-buttons-is-layout-flex\">\n<div class=\"wp-block-button\"><a class=\"wp-block-button__link wp-element-button\" href=\"#arriba\">Volver al inicio<\/a><\/div>\n<\/div>\n\n\n\n<h2 class=\"wp-block-heading\">2023<\/h2>\n\n\n\n<h4 class=\"wp-block-heading\" id=\"huella-andina-2023\">Huella Andina: preguntas y respuestas<\/h4>\n\n\n\n<p>Conferencia brindada por m\u00faltiples colaboradores con informaci\u00f3n actualizada y detallada de cada etapa de la Huella Andina.<\/p>\n\n\n\n<figure class=\"wp-block-embed is-type-video is-provider-youtube wp-block-embed-youtube wp-embed-aspect-16-9 wp-has-aspect-ratio\"><div class=\"wp-block-embed__wrapper\">\n<iframe loading=\"lazy\" title=\"Huella Andina: preguntas y respuestas (11\/12\/2023)\" width=\"1041\" height=\"586\" src=\"https:\/\/www.youtube.com\/embed\/GA1dmfm0-64?feature=oembed\" frameborder=\"0\" allow=\"accelerometer; autoplay; clipboard-write; encrypted-media; gyroscope; picture-in-picture; web-share\" referrerpolicy=\"strict-origin-when-cross-origin\" allowfullscreen><\/iframe>\n<\/div><\/figure>\n\n\n\n<div class=\"wp-block-buttons is-layout-flex wp-block-buttons-is-layout-flex\">\n<div class=\"wp-block-button\"><a class=\"wp-block-button__link wp-element-button\" href=\"#arriba\">Volver al inicio<\/a><\/div>\n<\/div>\n\n\n\n<h4 class=\"wp-block-heading\" id=\"senderismo-ultra-liviano\">Senderismo ultra liviano<\/h4>\n\n\n\n<p>En esta oportunidad, Mart\u00edn Lizondo brinda una conferencia para la Federaci\u00f3n Andinistas Argentinos, en la que expone la metodolog\u00eda y los principios del senderismo ultra liviano.<\/p>\n\n\n\n<figure class=\"wp-block-embed is-type-video is-provider-youtube wp-block-embed-youtube wp-embed-aspect-16-9 wp-has-aspect-ratio\"><div class=\"wp-block-embed__wrapper\">\n<iframe loading=\"lazy\" title=\"Senderismo ultra liviano. Principios y metodolog\u00eda (2023)\" width=\"1041\" height=\"586\" src=\"https:\/\/www.youtube.com\/embed\/QRyGBuANOVs?feature=oembed\" frameborder=\"0\" allow=\"accelerometer; autoplay; clipboard-write; encrypted-media; gyroscope; picture-in-picture; web-share\" referrerpolicy=\"strict-origin-when-cross-origin\" allowfullscreen><\/iframe>\n<\/div><\/figure>\n\n\n\n<div class=\"wp-block-buttons is-layout-flex wp-block-buttons-is-layout-flex\">\n<div class=\"wp-block-button\"><a class=\"wp-block-button__link wp-element-button\" href=\"#arriba\">Volver al inicio<\/a><\/div>\n<\/div>\n","protected":false},"excerpt":{"rendered":"<p>En este espacio vas a encontrar subidas todas las conferencias de los \u00faltimos a\u00f1os.<\/p>\n","protected":false},"author":1,"featured_media":3873,"parent":0,"menu_order":0,"comment_status":"closed","ping_status":"closed","template":"","meta":{"om_disable_all_campaigns":false,"_monsterinsights_skip_tracking":false,"_monsterinsights_sitenote_active":false,"_monsterinsights_sitenote_note":"","_monsterinsights_sitenote_category":0,"_uf_show_specific_survey":0,"_uf_disable_surveys":false,"cybocfi_hide_featured_image":"","footnotes":""},"class_list":["post-4049","page","type-page","status-publish","has-post-thumbnail","hentry"],"aioseo_notices":[],"_links":{"self":[{"href":"https:\/\/homotheoreticus.com\/index.php\/wp-json\/wp\/v2\/pages\/4049","targetHints":{"allow":["GET"]}}],"collection":[{"href":"https:\/\/homotheoreticus.com\/index.php\/wp-json\/wp\/v2\/pages"}],"about":[{"href":"https:\/\/homotheoreticus.com\/index.php\/wp-json\/wp\/v2\/types\/page"}],"author":[{"embeddable":true,"href":"https:\/\/homotheoreticus.com\/index.php\/wp-json\/wp\/v2\/users\/1"}],"replies":[{"embeddable":true,"href":"https:\/\/homotheoreticus.com\/index.php\/wp-json\/wp\/v2\/comments?post=4049"}],"version-history":[{"count":35,"href":"https:\/\/homotheoreticus.com\/index.php\/wp-json\/wp\/v2\/pages\/4049\/revisions"}],"predecessor-version":[{"id":4671,"href":"https:\/\/homotheoreticus.com\/index.php\/wp-json\/wp\/v2\/pages\/4049\/revisions\/4671"}],"wp:featuredmedia":[{"embeddable":true,"href":"https:\/\/homotheoreticus.com\/index.php\/wp-json\/wp\/v2\/media\/3873"}],"wp:attachment":[{"href":"https:\/\/homotheoreticus.com\/index.php\/wp-json\/wp\/v2\/media?parent=4049"}],"curies":[{"name":"wp","href":"https:\/\/api.w.org\/{rel}","templated":true}]}}